{"id":140,"date":"2020-01-06T08:53:19","date_gmt":"2020-01-06T07:53:19","guid":{"rendered":"https:\/\/stoppt-defender-2020.de\/?page_id=140"},"modified":"2020-03-21T18:19:09","modified_gmt":"2020-03-21T17:19:09","slug":"def20-in-nrw","status":"publish","type":"page","link":"https:\/\/stoppt-defender-2020.de\/index.php\/def20-in-nrw\/","title":{"rendered":"DEF20 in NRW"},"content":{"rendered":"<p><a name=\"anfang\"><\/a><\/p>\n<ul>\n<li><a href=\"#Updates\"><strong>Aktuelles zu \u201eDEF20 in NRW\u201c<\/strong><\/a><\/li>\n<li><a href=\"#Friedensbewegung\"><strong>Positionen &amp; Aktionen der Friedensbewegung<\/strong><\/a><\/li>\n<li><a href=\"#Presse\"><strong>Presseberichte<\/strong> <\/a><\/li>\n<li><a href=\"#Milit\u00e4risches\"><strong>Milit\u00e4r-Infos zu DEF20 in NRW<\/strong><\/a><\/li>\n<\/ul>\n<p>&nbsp;<\/p>\n<h3><a name=\"Updates\"><\/a><span style=\"color: #ff6600;\"><strong> Aktuelles zum Thema \u201eDEF20 in NRW\u201c<\/strong><\/span><\/h3>\n<h3><span style=\"color: #ff6600;\">Achtung:<\/span> NATO-Man\u00f6ver Defender 2020 abgesagt!<\/h3>\n<h3><span style=\"color: #ff6600;\">Unsere <strong>NRW-weite Demo am <\/strong><\/span><span style=\"color: #ff6600;\">21. M\u00e4rz 2020<\/span><strong style=\"color: #ff6600;\">\u00a0in\u00a0<\/strong><strong style=\"color: #ff6600;\">Duisburg<\/strong><span style=\"color: #ff6600;\">\u00a0&#8211;\u00a0<\/span><strong style=\"color: #ff6600;\">von der City zum Hafen wird umgewandelt in eine Live\u00fcbertragung der Reden im Internet!<\/strong><\/h3>\n<p>Defender soll in den kommenden Jahren wiederholt werden. Unser Protest geht weiter!<\/p>\n<p>Hier der Beitrg von Kathirn Vogler, friedenspoitische Sprechern der Bundestagsfraktion Die LINKE, den sie vorab f\u00fcr unseren Online-protest aus Duisburg aufgezeichnet hat:<\/p>\n<p><iframe loading=\"lazy\" src=\"https:\/\/www.youtube-nocookie.com\/embed\/1mRN86gjp4E?controls=0\" width=\"560\" height=\"315\" frameborder=\"0\" allowfullscreen=\"allowfullscreen\"><\/iframe><\/p>\n<p>&nbsp;<\/p>\n<p>Am Samstag den 21. M\u00e4rz werden wir die Beitr\u00e4ge der f\u00fcr unsere abgesagte Demo vorgesehenen Redner*innen live im Internet \u00fcbertragen. <span style=\"color: #ff6600;\">Klickt Euch um F\u00fcnf vor 12 Uhr rein<\/span> unter: https:\/\/www.facebook.com\/stopdefnrw\/<br \/>\n(Auch f\u00fcr Nicht-facebook-Nutzer !)<\/p>\n<h3><a href=\"#Friedensbewegung\"><strong><span style=\"color: #ff6600;\">mehr &#8230;.<\/span><\/strong><\/a><\/h3>\n<h5 style=\"text-align: center;\">***<\/h5>\n<p><strong>Defender auch aus Gesundheitsgr\u00fcnden absagen!<\/strong><br \/>\nDie USA verh\u00e4ngen ein Einreiseverbot f\u00fcr Menschen aus Europa. Au\u00dferdem ist der Kommandeur des amerikanischen Heeres in Europa Generalleutnant Christopher Cavoli, unter Quarant\u00e4ne gestellt worden. Er hat sich laut FAZ eventuell bei einer NATO-Tagung infiziert, bei der \u00fcber die Auswirkungen der Corona-Epidemie auf das Defender-Man\u00f6ver diskutiert wurde. Zu welchem Ergebnis die NATO gekommen sei, sei unklar, <a href=\"https:\/\/www.faz.net\/aktuell\/gesellschaft\/gesundheit\/coronavirus\/amerikanischer-kommandant-in-deutschland-in-quarantaene-16674483.html\">so die FAZ<\/a>.<br \/>\nWir finden, dass Ergebnis sollte klar sein: Stoppt Defender 2020, damit die Soldaten wieder nach Hause k\u00f6nnen und sich in Europa keinen gesundheitlichen Gefahren aussetzen. Gerade ein Man\u00f6ver mit seiner Anh\u00e4ufung von Menschen unter sanit\u00e4r beschr\u00e4nkten Umst\u00e4nden sollte unterbleiben. Keine weitere milit\u00e4rische Provokation, k\u00fcmmert Euch lieber um effektive Gesundheitsma\u00dfnahmen!<\/p>\n<p><strong>Bahn-Aktionstag 13. M\u00e4rz<\/strong><\/p>\n<p>2\/3 der Defender-Transporte sollen \u00fcber die Bahn gehen. Dabei ist mit massiven Behinderungen des zivilen Bahnverkehrs zu rechnen, auch der Pendler.<\/p>\n<p><img loading=\"lazy\" decoding=\"async\" class=\"alignnone size-medium wp-image-1283 alignright\" src=\"https:\/\/stoppt-defender-2020.de\/wp-content\/uploads\/2020\/03\/Bahnaktion_Dtmd-300x169.jpg\" alt=\"\" width=\"300\" height=\"169\" srcset=\"https:\/\/stoppt-defender-2020.de\/wp-content\/uploads\/2020\/03\/Bahnaktion_Dtmd-300x169.jpg 300w, https:\/\/stoppt-defender-2020.de\/wp-content\/uploads\/2020\/03\/Bahnaktion_Dtmd-150x84.jpg 150w, https:\/\/stoppt-defender-2020.de\/wp-content\/uploads\/2020\/03\/Bahnaktion_Dtmd.jpg 500w\" sizes=\"auto, (max-width: 300px) 100vw, 300px\" \/><\/p>\n<p>Daher haben wir am 13. M\u00e4rz in Bochum, Duisburg, Dortmund (s. Foto), Krefeld und anderen Orten vor den Bahnh\u00f6fen gegen diesen Missbrauch des zivilen Schienennetzes protestiert. Die Resonanz der Bahnreisenden war \u00fcberwiegend positiv, der verteilte Flyer setzte an einem Hauptproblem aller Bahnnutzer an: Der Versp\u00e4tung. Man kann ihn auch ausdrucken und selber an Reisende verteilen! <a href=\"https:\/\/stoppt-defender-2020.de\/wp-content\/uploads\/2020\/03\/Bahn-Flyer.pdf\">Bahn-Flyer<\/a><\/p>\n<p><strong><span class=\"article__headline\">Norwegen bricht Winterman\u00f6ver mit Nato-Beteiligung ab<\/span><\/strong><\/p>\n<p>Davon kann Deutschland lernen: Norwegen hat jetzt wegen des Corona-Virus ein Man\u00f6ver mit NATO-Beteiligung abgebrochen. &#8222;Das Coronavirus ist au\u00dfer Kontrolle&#8220;, sagte der Leiter des Einsatzzentrums der norwegischen Armee.\u00a0 <a href=\"https:\/\/www.n-tv.de\/ticker\/Norwegen-bricht-Wintermanoever-mit-Nato-Beteiligung-ab-article21633891.html\">https:\/\/www.n-tv.de\/ticker\/Norwegen-bricht-Wintermanoever-mit-Nato-Beteiligung-ab-article21633891.html<\/a><\/p>\n<p><strong>Mahnwachen-Termine in Duisburg\u00a0<\/strong><\/p>\n<p>Eine Gruppe Duisburger B\u00fcrger will ebenfalls gegen Defender protestieren:<\/p>\n<p><a href=\"https:\/\/stoppt-defender-2020.de\/wp-content\/uploads\/2020\/03\/Defender2020_Mahnwachen_Initiative-Pfui-Duisburger-Hafen.pdf\">Mahnwachen am Duisburger Hafen<\/a><\/p>\n<p><strong>Kurzbericht vom B\u00fcndnistreffen am 28.02. in D\u00fcsseldorf:<\/strong><\/p>\n<p><img loading=\"lazy\" decoding=\"async\" class=\"alignnone size-medium wp-image-1182\" src=\"https:\/\/stoppt-defender-2020.de\/wp-content\/uploads\/2020\/03\/07E1F46C-6A6B-4645-8E71-981CFE14CC9F-225x300.jpeg\" alt=\"\" width=\"225\" height=\"300\" srcset=\"https:\/\/stoppt-defender-2020.de\/wp-content\/uploads\/2020\/03\/07E1F46C-6A6B-4645-8E71-981CFE14CC9F-225x300.jpeg 225w, https:\/\/stoppt-defender-2020.de\/wp-content\/uploads\/2020\/03\/07E1F46C-6A6B-4645-8E71-981CFE14CC9F-768x1024.jpeg 768w, https:\/\/stoppt-defender-2020.de\/wp-content\/uploads\/2020\/03\/07E1F46C-6A6B-4645-8E71-981CFE14CC9F-113x150.jpeg 113w, https:\/\/stoppt-defender-2020.de\/wp-content\/uploads\/2020\/03\/07E1F46C-6A6B-4645-8E71-981CFE14CC9F-1152x1536.jpeg 1152w, https:\/\/stoppt-defender-2020.de\/wp-content\/uploads\/2020\/03\/07E1F46C-6A6B-4645-8E71-981CFE14CC9F-1536x2048.jpeg 1536w, https:\/\/stoppt-defender-2020.de\/wp-content\/uploads\/2020\/03\/07E1F46C-6A6B-4645-8E71-981CFE14CC9F.jpeg 1560w\" sizes=\"auto, (max-width: 225px) 100vw, 225px\" \/><\/p>\n<p>STOPP DEFENDER EUROPE 2020<br \/>\nKEINE MILIT\u00c4RTRANSPORTE DURCH NRW<br \/>\nF\u00dcR ABR\u00dcSTUNG UND ENTSPANNUNG<\/p>\n<p>F\u00fcr den 21. M\u00e4rz plant die Friedensbewegung in NRW eine landesweite Demonstration in Duisburg aus Protest gegen das US-Man\u00f6ver \u201eDefender Europe 2020\u201c.<\/p>\n<p><strong>Zum Ablauf der Demo (Stand 4. M\u00e4rz):<\/strong><br \/>\n<strong>Stopp Defender 2020 -Demonstration am 21. M\u00e4rz in Duisburg<\/strong><\/p>\n<p>Die Auftaktveranstaltung beginnt um 11.55 Uhr (\u201eF\u00fcnf vor Zw\u00f6lf\u201c) auf dem Vorplatz des Duisburger Hauptbahnhofs.<\/p>\n<p>Der Demozug setzt sich im Anschluss daran in Bewegung mit dem Ziel Duisport (der Hafen in Duisburg-Ruhrort, ca. 3,3 km Strecke)<\/p>\n<p>Auf den Kundgebungen werden sprechen: <strong>Thomas Keuer<\/strong> (Gewerkschaftssekret\u00e4r, Duisburg), <strong>Kathrin Vogler<\/strong> (MdB, Friedenspolitische Sprecherin der Fraktion Die Linke), <strong>Ludo De Brabander<\/strong> (vrede vzw aus Belgien) und <strong>Sophia M.<\/strong> (Fridays for Future Bonn)<\/p>\n<p>Ansprechpartner f\u00fcr das B\u00fcndnis &#8222;Stopp Defender 2020 NRW&#8220; der Friedensbewegung in NRW ist Joachim Schramm, DFG-VK NRW, Tel.: 0231\/8180-32 (fax -31), Mail: <a href=\"mailto:dfg-vk.nrw@t-online.de\">dfg-vk.nrw@t-online.de<\/a>. Hier k\u00f6nnen ab sofort Plakate, Flyer, Aufkleber usw. bestellt werden.<\/p>\n<p><strong>Auch wichtig: Vom 12. bis 14. M\u00e4rz sind Bahnhofs-Aktionstage geplant, an denen dezentral mit Flugblattverteilungen &amp; Aktionen an Bahnh\u00f6fen auf die Bedeutung der DB bei der Verlegung des Kriegsman\u00f6vers DEF20 hingewiesen werden soll.<\/strong> (Weitere Infos dazu bei der DFG-VK, s.o.)<\/p>\n<p style=\"text-align: center;\"><span style=\"color: #ff6600;\"><strong>Nach der Demo am 21. M\u00e4rz und vor den Osterm\u00e4rschen (9. bis 13. April) soll am Freitag, 3. April, ein Folgetreffen zur Planung weiterer Aktivit\u00e4ten stattfinden. Der Ort dieses Treffens wird noch bekanntgegeben!<\/strong><\/span><\/p>\n<h5 style=\"font-size: 25px; text-align: center;\">***<\/h5>\n<h5 style=\"text-align: left;\"><strong>28. Feb., 18.00 Uhr: n\u00e4chstes NRW-weites B\u00fcndnistreffen zur Vorbereitung von Protesten gegen DEF20\u00a0im <a href=\"https:\/\/www.zakk.de\/\">ZAKK\/D\u00fcsseldorf ; <\/a><\/strong><strong>Infos &amp; Kontakt: <\/strong>\u00a0<strong>Defender-Protest NRW,\u00a0c\/o DFG-VK NRW, Joachim Schramm,\u00a0<\/strong><strong>Tel.: 0231-81 80 32, Mobil: 0157-737 291 15;<br \/>\n<\/strong> <strong><a href=\"mailto:dfg-vk.nrw@t-online.de\">dfg-vk.nrw@t-online.de<\/a>,\u00a0www.nrw.dfg-vk.de<\/strong><\/h5>\n<p style=\"text-align: center;\">***<\/p>\n<h3><a name=\"Friedensbewegung\"><\/a><span style=\"color: #ff6600;\"><strong> Positionen &amp; Aktionen der Friedensbewegung<\/strong><\/span><\/h3>\n<h3><span style=\"color: #ff6600;\">Achtung: Unsere <strong>NRW-weite Demo am <\/strong>21. M\u00e4rz 2020<strong>\u00a0in\u00a0<\/strong><strong>Duisburg<\/strong>\u00a0 <strong>wird angesichts der Umst\u00e4nde umgewandelt in eine Live\u00fcbertragung der Reden im Internet um F\u00fcnf vor 12 Uhr!<\/strong><\/span><\/h3>\n<p>Am Samstag den 21. M\u00e4rz werden wir die Beitr\u00e4ge der f\u00fcr unsere abgesagte Demo vorgesehenen Redner*innen live im Internet \u00fcbertragen. <span style=\"color: #ff6600;\">Klickt Euch um F\u00fcnf vor 12 Uhr rein<\/span> unter: https:\/\/www.facebook.com\/stopdefnrw\/<br \/>\n(Auch f\u00fcr Nicht-facebook-Nutzer !)<\/p>\n<p>Es werden sprechen: <strong>Thomas Keuer<\/strong> (Gewerkschaftssekret\u00e4r, Duisburg), <strong>Kathrin Vogler<\/strong> (MdB, Friedenspolitische Sprecherin der Fraktion Die Linke), <strong>Ludo De Brabander<\/strong> (vrede vzw aus Belgien) und <strong>Sophia M.<\/strong> (Fridays for Future Bonn)<\/p>\n<p><strong>Dazu auch unsere Pressemitteilung vom 17. M\u00e4rz: <\/strong><span style=\"color: #ff6600;\"><strong><a href=\"https:\/\/stoppt-defender-2020.de\/wp-content\/uploads\/2020\/03\/PM_Demo_fin.pdf\">Friedensbewegung in NRW begr\u00fc\u00dft die Absage <\/a><\/strong><\/span><\/p>\n<p><span style=\"color: #ff6600;\"><strong>der urspr\u00fcngliche Flyer:<\/strong><\/span><\/p>\n<p><img loading=\"lazy\" decoding=\"async\" class=\"alignnone size-medium wp-image-1033\" src=\"https:\/\/stoppt-defender-2020.de\/wp-content\/uploads\/2020\/02\/1_25022020-NRW-Flyer-1-213x300.png\" alt=\"\" width=\"213\" height=\"300\" srcset=\"https:\/\/stoppt-defender-2020.de\/wp-content\/uploads\/2020\/02\/1_25022020-NRW-Flyer-1-213x300.png 213w, https:\/\/stoppt-defender-2020.de\/wp-content\/uploads\/2020\/02\/1_25022020-NRW-Flyer-1-107x150.png 107w, https:\/\/stoppt-defender-2020.de\/wp-content\/uploads\/2020\/02\/1_25022020-NRW-Flyer-1.png 724w\" sizes=\"auto, (max-width: 213px) 100vw, 213px\" \/> <img loading=\"lazy\" decoding=\"async\" class=\"alignnone size-medium wp-image-1019\" src=\"https:\/\/stoppt-defender-2020.de\/wp-content\/uploads\/2020\/02\/2_25022020-NRW-Flyer-212x300.png\" alt=\"\" width=\"212\" height=\"300\" srcset=\"https:\/\/stoppt-defender-2020.de\/wp-content\/uploads\/2020\/02\/2_25022020-NRW-Flyer-212x300.png 212w, https:\/\/stoppt-defender-2020.de\/wp-content\/uploads\/2020\/02\/2_25022020-NRW-Flyer-106x150.png 106w, https:\/\/stoppt-defender-2020.de\/wp-content\/uploads\/2020\/02\/2_25022020-NRW-Flyer.png 637w\" sizes=\"auto, (max-width: 212px) 100vw, 212px\" \/><\/p>\n<p><a href=\"https:\/\/stoppt-defender-2020.de\/wp-content\/uploads\/2020\/02\/Flyer-NRW-Stopp-Defender-2020.pdf\">Flyer NRW Stopp Defender 2020<\/a><\/p>\n<p>Der Duisburger Hafen dient im Rahmen des NATO-Man\u00f6vers als Umschlagplatz der Milit\u00e4rtransport: Stadtsprecher Peter Hilbrands: \u201eBekannt sind uns die beabsichtigten Zeitr\u00e4ume und dass der Duisburger Binnenhafen als Umschlagplatz von milit\u00e4rischem Ger\u00e4t vom Wasser- auf den Schienenweg genutzt wird.&#8220; (WAZ, 12.02.).<\/p>\n<p>Stellen wir uns mit vielen Menschen der Kriegsmaschinerie entgegen: <strong>Wir wollen keine Milit\u00e4rtransporte durch den Duisburger Hafen und durch NRW. Wir wollen keine Man\u00f6ver als Teil einer Konfrontationspolitik gegen Russland!<\/strong><\/p>\n<p>Die Auftaktveranstaltung beginnt um 11.55 Uhr (\u201eF\u00fcnf vor Zw\u00f6lf\u201c) auf dem Vorplatz des Duisburger Hauptbahnhofs.<\/p>\n<p>Der Demozug setzt sich im Anschluss daran in Bewegung mit dem Ziel Duisport (der Hafen in Duisburg-Ruhrort, ca. 3,3 km Strecke)<\/p>\n<p>Auf den Kundgebungen werden sprechen: <strong>Thomas Keuer<\/strong> (Gewerkschaftssekret\u00e4r, Duisburg), <strong>Kathrin Vogler<\/strong> (MdB, Friedenspolitische Sprecherin der Fraktion Die Linke), <strong>Ludo De Brabander<\/strong> (vrede vzw aus Belgien) und <strong>Sophia M.<\/strong> (Fridays for Future Bonn)<\/p>\n<p style=\"text-align: center;\">***<\/p>\n<p><strong>DGB: Nein zum NATO-Man\u00f6ver \u2013 ja zu Frieden, Entspannungspolitik und Abr\u00fcstung<\/strong><br \/>\nDer Gesch\u00e4ftsf\u00fchrende DGB-Bundesvorstand hat einen Aufruf gegen das \u201eDEFENDER 2020\u201c-Man\u00f6ver der NATO in Europa beschlossen. Die NATO plant im April und Mai 2020 eines der gr\u00f6\u00dften Man\u00f6ver von Landstreitkr\u00e4ften in Europa seit Ende des Kalten Krieges. \u201eStatt dieser Konfrontation sind aus Sicht der Gewerkschaften Entspannungspolitik und kooperative Beziehungen mit Russland das Gebot der Stunde\u201c, <a href=\"https:\/\/www.dgb.de\/themen\/++co++0edaa518-5937-11ea-880d-52540088cada\" target=\"_blank\" rel=\"noopener noreferrer\">hei\u00dft es in dem Aufruf<\/a><\/p>\n<p style=\"text-align: center;\">***<\/p>\n<p style=\"text-align: left;\"><strong>Milit\u00e4rischer Schiffsfahrplan Antwerpen<\/strong><br \/>\nIm M\u00e4rz und April erreichen diverse Frachter der Reederei ACR den belgischen Hafen Antwepen. ACR ist einer der Hauptdienstleister der US-Armee f\u00fcr Milit\u00e4rtransporte. Von Antwerpen aus wird das Kriegsger\u00e4t per Bahn und Binnenschiffe weiter transportiert, z.B. \u00fcber den Duisburger Hafen. Dort wollen wir am 21. M\u00e4rz gemeinsam demonstrieren.<br \/>\nHier die Liste der Schiffe mit den geplanten Ankunftsdatum:<br \/>\n<a href=\"https:\/\/stoppt-defender-2020.de\/wp-content\/uploads\/2020\/02\/ARC-Antwerpen-2.pdf\">ARC Antwerpen 2<\/a><\/p>\n<p>Hier ein Youtube-Video der Entladung eines ACR-Frachters in Bremerhaven und die Versuche deutscher und amerikanischer Milit\u00e4rs, Defender als normale milit\u00e4rische \u00dcbung darzustellen.<\/p>\n<p><iframe loading=\"lazy\" title=\"US-Army: Pressetermin in Bremerhaven\" width=\"960\" height=\"540\" src=\"https:\/\/www.youtube.com\/embed\/MCW9ALysE5s?feature=oembed\" frameborder=\"0\" allow=\"accelerometer; autoplay; encrypted-media; gyroscope; picture-in-picture\" allowfullscreen><\/iframe><\/p>\n<p style=\"text-align: center;\">***<\/p>\n<p style=\"text-align: center;\"><strong>Pressemitteilung der DFG-VK zum 1. KO-Treffen am 7. Februar in D\u00fcsseldorf: <a href=\"https:\/\/stoppt-defender-2020.de\/wp-content\/uploads\/2020\/02\/PM-DFG-VK-08022020.pdf\">PM DFG-VK 08022020<\/a><br \/>\n<\/strong>(der in der PM genannte Demo-Termin wurde inzwischen auf den 21. M\u00e4rz festgelegt!!!)<\/p>\n<p><img loading=\"lazy\" decoding=\"async\" class=\"size-medium wp-image-677 aligncenter\" src=\"https:\/\/stoppt-defender-2020.de\/wp-content\/uploads\/2020\/02\/28B9E03A-35C1-48AD-8558-A505686D7B2C-300x169.jpeg\" alt=\"\" width=\"300\" height=\"169\" srcset=\"https:\/\/stoppt-defender-2020.de\/wp-content\/uploads\/2020\/02\/28B9E03A-35C1-48AD-8558-A505686D7B2C-300x169.jpeg 300w, https:\/\/stoppt-defender-2020.de\/wp-content\/uploads\/2020\/02\/28B9E03A-35C1-48AD-8558-A505686D7B2C-150x84.jpeg 150w, https:\/\/stoppt-defender-2020.de\/wp-content\/uploads\/2020\/02\/28B9E03A-35C1-48AD-8558-A505686D7B2C.jpeg 750w\" sizes=\"auto, (max-width: 300px) 100vw, 300px\" \/><\/p>\n<p>Mehr als 60 Teilnehmende folgten der Einladung der DFG-VK NRW zum\u00a0<span class=\"text_exposed_show\">Koordinierungstreffen gegen DEF20 am 7. Februar in D\u00fcsseldorf.<\/span><\/p>\n<p style=\"text-align: center;\">***<\/p>\n<p><strong>Anfrage der Fraktion DIE LINKE im Stadtrat D\u00fcsseldorf, 06.02.2020:<\/strong> <a href=\"https:\/\/www.linksfraktion-duesseldorf.de\/nc\/stadtrat\/detail\/news\/defender-2020-truppenverlegungen-durch-duesseldorf\/\">Defender 2020 &#8211; Truppenverlegungen durch D\u00fcsseldorf (mit Antworten)<\/a><\/p>\n<p><img loading=\"lazy\" decoding=\"async\" class=\"size-medium wp-image-835 aligncenter\" src=\"https:\/\/stoppt-defender-2020.de\/wp-content\/uploads\/2020\/02\/05022020-247x300.jpg\" alt=\"\" width=\"247\" height=\"300\" srcset=\"https:\/\/stoppt-defender-2020.de\/wp-content\/uploads\/2020\/02\/05022020-247x300.jpg 247w, https:\/\/stoppt-defender-2020.de\/wp-content\/uploads\/2020\/02\/05022020-843x1024.jpg 843w, https:\/\/stoppt-defender-2020.de\/wp-content\/uploads\/2020\/02\/05022020-123x150.jpg 123w, https:\/\/stoppt-defender-2020.de\/wp-content\/uploads\/2020\/02\/05022020-768x933.jpg 768w, https:\/\/stoppt-defender-2020.de\/wp-content\/uploads\/2020\/02\/05022020-1264x1536.jpg 1264w, https:\/\/stoppt-defender-2020.de\/wp-content\/uploads\/2020\/02\/05022020.jpg 1658w\" sizes=\"auto, (max-width: 247px) 100vw, 247px\" \/><\/p>\n<p>Anfrage der Fraktion DIE LINKE Im Stadrat M\u00f6nchengladbach, 28.02.2020: <a href=\"http:\/\/www.linksfraktion-mg.de\/home\/ausschuesse\/pressemitteilungen\/769-defender2020\">Defender 2020 belastet Mensch und Umwelt<\/a><\/p>\n<p>&nbsp;<\/p>\n<h4 style=\"text-align: center;\"><a href=\"https:\/\/stoppt-defender-2020.de\/index.php\/parlamentarisches\/\"><span style=\"color: #ff6600;\">Weitere parlamentarische Initiativen<br \/>\ngegen DEF20<\/span><\/a><\/h4>\n<p style=\"text-align: center;\">***<\/p>\n<p><strong>Stra\u00dfensch\u00e4den mit Voransage?<\/strong><br \/>\n<strong><a href=\"http:\/\/www.friedensfreundeduelmen.eu\">Friedensfreunde D\u00fclmen<\/a> stellen Fragen<\/strong><br \/>\nIn der DZ vom 9. Oktober 2019 hatte die US-Army die \u00d6ffentlichkeit \u00fcber die Beteiligung der Tower Barracks am Gro\u00dfman\u00f6ver Defender 2020 informiert. Col. Kuester k\u00fcndigte bei diesem Pressegespr\u00e4ch an, f\u00fcr Nutzer der D\u00fclmener Stra\u00dfen und Br\u00fccken k\u00f6nnte dieser Stresstest zu erheblichen Verkehrsverz\u00f6gerungen und zu Sch\u00e4den an der Infrastruktur f\u00fchren. Der Kommandant der Tower Barracks sagte rechtzeitige und umfassende Information der \u00d6ffentlichkeit zu. Die Friedensfreunde D\u00fclmen halten das gr\u00f6\u00dfte Man\u00f6ver der US-Army seit 25 Jahren sicherheitspolitisch f\u00fcr unn\u00fctz und gef\u00e4hrlich, denn die Truppen\u00fcbung erh\u00f6ht nicht das Vertrauen auf beiden Seiten. Aber die angek\u00fcndigten Sch\u00e4den an der Infrastruktur brachten die Friedensfreunde auch im Zusammenhang mit der Heimatstrategie zu Fragen, wie denn die Stadtspitze in die Planungen der US-Army zu Wegen der Schwertransporte einbezogen wird. Dies f\u00fchrte dazu, dass der Verein sich in Briefen an B\u00fcrgermeisterin Stremlau, an die Ratsparteien und an die US-Army selbst wandte. Falls z. B. die Stra\u00dfenbr\u00fccke der B474 \u00fcber die Bahnstrecke besch\u00e4digt w\u00fcrde, w\u00e4re der Bahnverkehr auf der Strecke D\u00fclmen-M\u00fcnster und der Stra\u00dfenverkehr von und zur A 43 \u00fcber viele Monate betroffen. Der Verkehr w\u00fcrde unweigerlich seinen Weg durch innerst\u00e4dtische Stra\u00dfen zum A 43 Anschluss D\u00fclmen suchen. Leidtragende des Gro\u00dfman\u00f6vers w\u00e4ren alle Berufspendler und die Bewohner entlang der Ausweichstrecken. Hierzu, so die Friedensfreunde, m\u00fcsse die Kommunalpolitik rechtzeitig \u00dcberlegungen anstellen und z. B. den derzeitigen Zustand von Stra\u00dfen und Br\u00fccken pr\u00fcfen, bevor dort Schwertransporte mit 80 \u2013 90 Tonnen passieren.<\/p>\n<p style=\"text-align: center;\">*** <a href=\"#anfang\">top<\/a> ***<\/p>\n<p>Stoppt Defender 2020 auch in NRW!\u00a0<strong>Einladung zum Koordinierungstreffen in D\u00fcsseldorf am 7. Februar<\/strong><\/p>\n<p>NRW wird als als Transport- und Rastraum f\u00fcr Soldaten und Milit\u00e4rger\u00e4t eine wichtige Rolle spielt. Besonders die Regionen um D\u00fcsseldorf, Krefeld und Duisburg sind betroffen. Aber auch D\u00fclmen und Augustdorf werden in die Man\u00f6veraktivit\u00e4ten einbezogen. Die Friedensbewegung in NRW hat also viele Ansatzpunkte, um gegen die Konfrontationspolitik der US-Regierung und der NATO und f\u00fcr eine neue Entspannungspolitik aktiv zu werden!<br \/>\nDes<span class=\"text_exposed_show\">halb l\u00e4dt die DFG-VK NRW ein zu einem Koordinierungstreffen f\u00fcr Proteste gegen das gr\u00f6\u00dfte US- und NATO-Man\u00f6ver seit Ende des Kalten Krieges.<br \/>\n<\/span><\/p>\n<p><span class=\"text_exposed_show\"><strong>Das Koordinierungstreffen findet statt am Freitag, 7. Februar, 18 Uhr, im Soziokulturellen Zentrum &#8222;zakk&#8220;, Fichtenstr. 40, D\u00fcsseldorf.\u00a0<\/strong><\/span><strong><span class=\"text_exposed_show\">Weitere Infos &amp; Kontakt: <a href=\"https:\/\/nrw.dfg-vk.de\/startseite\">DFG-VK NRW <\/a>*** und auf <a href=\"https:\/\/www.facebook.com\/DFGVKNRW\/\">Facebook<\/a><\/span><\/strong><\/p>\n<p style=\"text-align: center;\">***<\/p>\n<p style=\"text-align: center;\"><strong>20.12.2019: <a href=\"https:\/\/www.kathrin-vogler.de\/start\/aktuell\/details\/news\/stoppt-defender-2020-auch-in-nrw\/\">Kathrin Vogler:\u00a0Stoppt Defender 2020 &#8211; auch in NRW!<\/a>\u00a0<\/strong>Erste Infos, Daten &amp; Hintergrundmaterial auf der Website von Kathrin Vogler.<\/p>\n<p style=\"text-align: center;\">*** <a href=\"#anfang\">top<\/a> ***<\/p>\n<h3><a name=\"Presse\"><\/a><span style=\"color: #ff6600;\"><strong>\u00a0Presseberichte<\/strong><\/span><\/h3>\n<ul>\n<li>18.03.2020: <a href=\"https:\/\/www.jungewelt.de\/artikel\/374723.nrw-friedensbewegung-begr%C3%BC%C3%9Ft-man%C3%B6verabsage.html\">NRW-Friedensbewegung begr\u00fc\u00dft Man\u00f6verabsage<\/a><\/li>\n<li>09.03.2020: <a href=\"https:\/\/www.eur.army.mil\/Newsroom\/Releases-Advisories\/Press-Releases-Article-View\/Article\/2105314\/us-armored-unit-equipment-arrives-at-the-port-of-vlissingen-for-defender-europe\/\">Gepanzerte US-Einheit erreicht am 14. M\u00e4rz niederl\u00e4ndischen Hafen Vlissingen<\/a><\/li>\n<li>09.03.2020: <a href=\"https:\/\/www.waz.de\/staedte\/duisburg\/defender-2020-in-duisburg-demo-zug-zum-hafen-und-mahnwache-id228653941.html\" target=\"_blank\" rel=\"noopener noreferrer\">Defender 2020 in Duisburg: Demozug zum Hafen und Mahnwache<\/a><\/li>\n<\/ul>\n<p><img loading=\"lazy\" decoding=\"async\" class=\"alignnone wp-image-1185 size-full\" src=\"https:\/\/stoppt-defender-2020.de\/wp-content\/uploads\/2020\/03\/015B82F2-DFBF-457E-8CD0-8E1650D91B0A.jpeg\" alt=\"\" width=\"1500\" height=\"1823\" srcset=\"https:\/\/stoppt-defender-2020.de\/wp-content\/uploads\/2020\/03\/015B82F2-DFBF-457E-8CD0-8E1650D91B0A.jpeg 1500w, https:\/\/stoppt-defender-2020.de\/wp-content\/uploads\/2020\/03\/015B82F2-DFBF-457E-8CD0-8E1650D91B0A-247x300.jpeg 247w, https:\/\/stoppt-defender-2020.de\/wp-content\/uploads\/2020\/03\/015B82F2-DFBF-457E-8CD0-8E1650D91B0A-843x1024.jpeg 843w, https:\/\/stoppt-defender-2020.de\/wp-content\/uploads\/2020\/03\/015B82F2-DFBF-457E-8CD0-8E1650D91B0A-123x150.jpeg 123w, https:\/\/stoppt-defender-2020.de\/wp-content\/uploads\/2020\/03\/015B82F2-DFBF-457E-8CD0-8E1650D91B0A-768x933.jpeg 768w, https:\/\/stoppt-defender-2020.de\/wp-content\/uploads\/2020\/03\/015B82F2-DFBF-457E-8CD0-8E1650D91B0A-1264x1536.jpeg 1264w\" sizes=\"auto, (max-width: 1500px) 100vw, 1500px\" \/><\/p>\n<p>&nbsp;<\/p>\n<ul>\n<li>21.02.2020: <a href=\"https:\/\/www.sueddeutsche.de\/politik\/verteidigung-potsdam-mehr-als-500-000-euro-schaeden-durch-bundeswehr-seit-2014-dpa.urn-newsml-dpa-com-20090101-200221-99-05044?fbclid=IwAR1NfQ9pDi2Nrrimg2RXS4Kc2tmpnum1DZtmIw3LFW9wgYQtD4tFV4rTBvY\" target=\"_blank\" rel=\"noopener noreferrer\">Mehr als 500 000 Euro Sch\u00e4den durch Bundeswehr seit 2014<\/a><\/li>\n<li>\n<p class=\"entry-title\">18.01.2020: <a href=\"http:\/\/www.augustdorfernachrichten.de\/2020\/01\/18\/defender-europe-2020-macht-auch-halt-in-augustdorf-die-drehscheibe-nimmt-fahrt-auf\/\">DEFENDER Europe 2020 macht auch Halt in Augustdorf<\/a><\/p>\n<\/li>\n<li>\n<p class=\"entry-title\">18.01.2020: <a href=\"https:\/\/www.ruhr24.de\/dortmund\/us-army-nrw-dortmund-usa-armee-soldaten-defender-europe-2020-nrw-13442896.html\">20.000 US-Soldaten kommen nach Europa! Mega-Man\u00f6ver f\u00fchrt auch durch den Pott<\/a><\/p>\n<\/li>\n<li>\n<p class=\"entry-title\">15.01.2020: <a href=\"https:\/\/www.dielinke-nrw.de\/start\/aktuell\/detail\/news\/defender-2020-keine-kriegsspiele-auf-nrws-strassen\/\">DIE LINKE: Defender 2020: Keine Kriegsspiele auf NRWs Stra\u00dfen!<\/a><\/p>\n<\/li>\n<li>\n<p class=\"entry-title\">09.10.2019: <a href=\"https:\/\/www.wn.de\/Muensterland\/3992980-Tower-Barracks-Teil-eines-US-Manoevers-Duelmen-wird-Drehscheibe-fuer-Militaer-Grossuebung-Defender-2020\">Tower Barracks Teil eines US-Man\u00f6vers: D\u00fclmen wird Drehscheibe f\u00fcr Milit\u00e4r-Gro\u00df\u00fcbung \u201eDefender 2020\u201d.<\/a><\/p>\n<\/li>\n<li>\n<div class=\"avRow avTitle__subheadline\">\n<div class=\"avRow avTitle__subheadline\">15.07.2016: <a href=\"https:\/\/www.wn.de\/Muensterland\/2016\/07\/2459856-Tower-Barracks-US-Armee-richtet-in-Duelmen-Waffenlager-ein\">Tower Barracks: US-Armee richtet in D\u00fclmen Waffenlager ein.<\/a><\/div>\n<\/div>\n<\/li>\n<\/ul>\n<h3 style=\"text-align: left;\"><span style=\"color: #ff6600;\"><a style=\"color: #ff6600;\" name=\"Milit\u00e4risches\"><\/a><strong>\u00a0Milit\u00e4r-Infos zu DEF20 in NRW<\/strong><\/span><\/h3>\n<p><strong>04.03.2020: <\/strong>&#8222;<span class=\"css-901oao css-16my406 r-1qd0xha r-ad9z0x r-bcqeeo r-qvutc0\">Die US Armee will f\u00fcr ihre Milit\u00e4r\u00fcbung Defender Europe 2020 den alten Verladebahnhof in <\/span><span class=\"r-18u37iz\"><a class=\"css-4rbku5 css-18t94o4 css-901oao css-16my406 r-1n1174f r-1loqt21 r-1qd0xha r-ad9z0x r-bcqeeo r-qvutc0\" dir=\"ltr\" role=\"link\" href=\"https:\/\/twitter.com\/hashtag\/D%C3%BClmen?src=hashtag_click\" data-focusable=\"true\">#D\u00fclmen<\/a><\/span><span class=\"css-901oao css-16my406 r-1qd0xha r-ad9z0x r-bcqeeo r-qvutc0\"> und den Abzweig zu den Tower Baracks nutzen. Jetzt werden die bislang gesperrten Gleise von der <\/span><span class=\"r-18u37iz\"><a class=\"css-4rbku5 css-18t94o4 css-901oao css-16my406 r-1n1174f r-1loqt21 r-1qd0xha r-ad9z0x r-bcqeeo r-qvutc0\" dir=\"ltr\" role=\"link\" href=\"https:\/\/twitter.com\/hashtag\/Bahn?src=hashtag_click\" data-focusable=\"true\">#Bahn<\/a><\/span><span class=\"css-901oao css-16my406 r-1qd0xha r-ad9z0x r-bcqeeo r-qvutc0\"> begangen um die Befahrbarkeit zu pr\u00fcfen.&#8220;\u00a0<\/span><\/p>\n<p><img loading=\"lazy\" decoding=\"async\" class=\"alignnone size-full wp-image-1162\" src=\"https:\/\/stoppt-defender-2020.de\/wp-content\/uploads\/2020\/03\/Bahn-D\u00fclmen.png\" alt=\"\" width=\"603\" height=\"356\" srcset=\"https:\/\/stoppt-defender-2020.de\/wp-content\/uploads\/2020\/03\/Bahn-D\u00fclmen.png 603w, https:\/\/stoppt-defender-2020.de\/wp-content\/uploads\/2020\/03\/Bahn-D\u00fclmen-300x177.png 300w, https:\/\/stoppt-defender-2020.de\/wp-content\/uploads\/2020\/03\/Bahn-D\u00fclmen-150x89.png 150w\" sizes=\"auto, (max-width: 603px) 100vw, 603px\" \/><\/p>\n<p><a href=\"https:\/\/twitter.com\/monasterium\/status\/1235192508839325697\">Link zum Tweet.<\/a><\/p>\n<p><strong>19.02.2020:<\/strong>\u00a0<a href=\"https:\/\/www.azonline.de\/Muensterland\/4139307-Tower-Barracks-bei-Defender-2020-Duelmener-US-Militaer-beteiligt-sich-an-grosser-Nato-Uebung\">Tower Barracks bei &#8222;Defender 2020&#8220;.<\/a> D\u00fclmener US-Milit\u00e4r beteiligt sich an gro\u00dfer Nato-\u00dcbung<\/p>\n<p class=\"entry-title\"><strong>19.02.2020:<\/strong> <a href=\"http:\/\/www.augustdorfernachrichten.de\/2020\/02\/19\/uebung-us-defender-europe-2020\/\">\u00dcbung US-DEFENDER EUROPE 2020: Einbindung des Bundeswehrstandortes Augustdorf und der Panzerbrigade 21 &#8222;LIPPERLAND&#8220; in die \u00dcbung US-DEFENDER EUROPE 2020.<\/a><\/p>\n<div class=\"content-box-article-infos\"><\/div>\n<p class=\"date\"><span class=\"dynamic_date\"><strong>17.02.2020:<\/strong>\u00a0<\/span><a href=\"https:\/\/www.westfalen-blatt.de\/OWL\/Kreis-Lippe\/Augustdorf\/4135620-Verlegung-von-US-Soldaten-nach-Osteuropa-Station-in-Augustdorf-Truppen-ziehen-auch-durch-OWL\"><span class=\"kicker\">Verlegung von US-Soldaten nach Osteuropa: Station in Augustdorf. <\/span><\/a><strong><span class=\"title\">Truppen ziehen auch durch OWL.<\/span><\/strong><\/p>\n<p><strong>15. Februar 2020, Die Stimme: US-Streitkr\u00e4fte \u00fcben\u00a0Material-Transport von Mannheim aus\u00a0<\/strong><span class=\"place\">Mannheim (dpa\/lsw)<\/span>\u00a0 <a href=\"https:\/\/www.stimme.de\/suedwesten\/nachrichten\/pl\/US-Streitkraefte-ueben-Material-Transport-von-Mannheim-aus;art19070,4320826\">\u201eDie US-Streitkr\u00e4fte \u00fcben den Transport von Material in Depots in Mannheim, Miesau (Rheinland-Pfalz) sowie aus D\u00fclmen (Nordrhein-Westfalen) in das nieders\u00e4chsische Bergen. Das sagte ein Sprecher der Streitkr\u00e4ftebasis am Montag. Dabei werden Panzer und Lastwagen etwa von den Coleman Barracks in Mannheim \u00fcber den Rhein nach Norden verschifft, Waffen \u00fcber die Schiene transportiert und Verpflegung, B\u00fcro- und Sanit\u00e4tsmaterial in Containern \u00fcber die Stra\u00dfe gebracht.\u201c<\/a><\/p>\n<p><strong>12.02.2020: Zur mangelhaften Informationspolitik der NRW-Beh\u00f6rden:<\/strong> Duisburger Hafen: \u201eGeheimsache\u201c Nato-Man\u00f6ver Defender 2020 (WAZ-Artikel) <a href=\"https:\/\/stoppt-defender-2020.de\/wp-content\/uploads\/2020\/02\/Duisburger-Hafen_-Geheimsache-Nato-Mano%CC%88ver-Defender-2020-_-waz.de-_.pdf\">Duisburger Hafen_ Geheimsache Nato-Man\u00f6ver Defender 2020 _ waz.de _<\/a><\/p>\n<p style=\"text-align: center;\">*** <a href=\"#anfang\">top<\/a> ***<\/p>\n<p><strong>Infostand zu DEF20 f\u00fcr NRW (Stand 28.01.2020)<\/strong><\/p>\n<p>F\u00fcr NRW ist die Phase 1 des Gro\u00dfman\u00f6vers von Januar bis April, wahrscheinlich aber nur bis Anfang M\u00e4rz, am wichtigsten. Schon seit dem 22. Januar finden Verlegungen von Material in die <a href=\"https:\/\/www.eur.army.mil\/Portals\/19\/documents\/Fact%20Sheets\/APSFactSheet20190405.pdf?ver=2019-04-05-032016-170\">Army Preposition Stocks<\/a>, bei uns in die Tower Barracks in <strong>D\u00fclmen<\/strong>, statt. Auch das milit\u00e4rische Personal ist dort schon aufgestockt worden.<\/p>\n<p>Von D\u00fclmen aus wird das Material auf der S\u00fcdroute weiter verlegt nach Grafenw\u00f6hr, auf der Nordroute nach Bergen (L\u00fcneburger Heide).<\/p>\n<p>Die Transporte kommen \u00fcber die H\u00e4fen Vlissingen (NL) und Antwerpen (B) sowie Bremerhaven (D) an. In NRW sind die Binnenh\u00e4fen in <strong>Krefeld<\/strong> und <strong>Duisburg<\/strong> zentral, der Rhein wird als zentrale Wasserstra\u00dfe f\u00fcr den Transport nach Mannheim genutzt. Flugzeuge sollen nicht in NRW landen.<\/p>\n<p>In Augustdorf soll ein Containerumschlagplatz entstehen.<\/p>\n<p>In M\u00fcnster ein Feldlager f\u00fcr die durchziehenden US-Soldaten.<\/p>\n<p>Zentrale Verkehrsader f\u00fcr die Transporte, die \u00fcberwiegend nachts stattfinden sollen, ist die Strecke A4 (bis K\u00f6ln), A1 (bis Kamener Kreuz) und die A2 bis nach Berlin.<\/p>\n<p>2\/3 der Transporte sollen \u00fcber die Bahn gehen!<\/p>\n<p>Die Gegenseite rechnet mit Protesten.<\/p>\n<p>&nbsp;<\/p>\n<p>F\u00fcr weitere Informationen kann auch das Landeskommando der Bundeswehr angefragt werden:<\/p>\n<p><img loading=\"lazy\" decoding=\"async\" class=\"alignnone size-full wp-image-1002\" src=\"https:\/\/stoppt-defender-2020.de\/wp-content\/uploads\/2020\/02\/NRW.png\" alt=\"\" width=\"1023\" height=\"107\" srcset=\"https:\/\/stoppt-defender-2020.de\/wp-content\/uploads\/2020\/02\/NRW.png 1023w, https:\/\/stoppt-defender-2020.de\/wp-content\/uploads\/2020\/02\/NRW-300x31.png 300w, https:\/\/stoppt-defender-2020.de\/wp-content\/uploads\/2020\/02\/NRW-150x16.png 150w, https:\/\/stoppt-defender-2020.de\/wp-content\/uploads\/2020\/02\/NRW-768x80.png 768w\" sizes=\"auto, (max-width: 1023px) 100vw, 1023px\" \/><\/p>\n<p style=\"text-align: center;\">*** <a href=\"#anfang\">top<\/a> ***<\/p>\n","protected":false},"excerpt":{"rendered":"<p>Aktuelles zu \u201eDEF20 in NRW\u201c Positionen &amp; Aktionen der Friedensbewegung Presseberichte Milit\u00e4r-Infos zu DEF20 in NRW &nbsp; Aktuelles zum Thema \u201eDEF20 in NRW\u201c Achtung: NATO-Man\u00f6ver Defender 2020 abgesagt! Unsere NRW-weite Demo am 21. M\u00e4rz 2020\u00a0in\u00a0Duisburg\u00a0&#8211;\u00a0von der City zum Hafen wird umgewandelt in eine Live\u00fcbertragung der Reden im Internet! Defender soll in den kommenden Jahren wiederholt [&hellip;]<\/p>\n","protected":false},"author":3,"featured_media":0,"parent":0,"menu_order":0,"comment_status":"closed","ping_status":"closed","template":"","meta":{"footnotes":""},"class_list":["post-140","page","type-page","status-publish","hentry"],"_links":{"self":[{"href":"https:\/\/stoppt-defender-2020.de\/index.php\/wp-json\/wp\/v2\/pages\/140","targetHints":{"allow":["GET"]}}],"collection":[{"href":"https:\/\/stoppt-defender-2020.de\/index.php\/wp-json\/wp\/v2\/pages"}],"about":[{"href":"https:\/\/stoppt-defender-2020.de\/index.php\/wp-json\/wp\/v2\/types\/page"}],"author":[{"embeddable":true,"href":"https:\/\/stoppt-defender-2020.de\/index.php\/wp-json\/wp\/v2\/users\/3"}],"replies":[{"embeddable":true,"href":"https:\/\/stoppt-defender-2020.de\/index.php\/wp-json\/wp\/v2\/comments?post=140"}],"version-history":[{"count":121,"href":"https:\/\/stoppt-defender-2020.de\/index.php\/wp-json\/wp\/v2\/pages\/140\/revisions"}],"predecessor-version":[{"id":1301,"href":"https:\/\/stoppt-defender-2020.de\/index.php\/wp-json\/wp\/v2\/pages\/140\/revisions\/1301"}],"wp:attachment":[{"href":"https:\/\/stoppt-defender-2020.de\/index.php\/wp-json\/wp\/v2\/media?parent=140"}],"curies":[{"name":"wp","href":"https:\/\/api.w.org\/{rel}","templated":true}]}}